{"id":486,"date":"2025-04-19T13:12:36","date_gmt":"2025-04-19T13:12:36","guid":{"rendered":"https:\/\/www.frehel.org\/sejourslinguistiques\/?page_id=486"},"modified":"2025-04-19T13:19:09","modified_gmt":"2025-04-19T13:19:09","slug":"vacation-rental-immersive-journey-france","status":"publish","type":"page","link":"https:\/\/www.frehel.org\/sejourslinguistiques\/vacation-rental-immersive-journey-france\/","title":{"rendered":"vacation rental for immersive journey in France : photo gallery"},"content":{"rendered":"\n<figure class=\"wp-block-image size-large\"><img loading=\"lazy\" decoding=\"async\" width=\"1024\" height=\"768\" src=\"https:\/\/www.frehel.org\/sejourslinguistiques\/wp-content\/uploads\/2025\/03\/gite-sejours-linguisitiques-salon.jpg\" alt=\"cuisine \u00e9quip\u00e9e pour les stages linguistiques\" class=\"wp-image-83\" srcset=\"https:\/\/www.frehel.org\/sejourslinguistiques\/wp-content\/uploads\/2025\/03\/gite-sejours-linguisitiques-salon.jpg 1024w, https:\/\/www.frehel.org\/sejourslinguistiques\/wp-content\/uploads\/2025\/03\/gite-sejours-linguisitiques-salon-300x225.jpg 300w, https:\/\/www.frehel.org\/sejourslinguistiques\/wp-content\/uploads\/2025\/03\/gite-sejours-linguisitiques-salon-768x576.jpg 768w\" sizes=\"auto, (max-width: 1024px) 100vw, 1024px\" \/><\/figure>\n\n\n\n<figure class=\"wp-block-image size-large\"><img loading=\"lazy\" decoding=\"async\" width=\"1024\" height=\"768\" src=\"https:\/\/www.frehel.org\/sejourslinguistiques\/wp-content\/uploads\/2025\/03\/gite-sejouir-frehel.jpg\" alt=\"un espace confortbale pour un s\u00e9jour linguistique en Bretagne\" class=\"wp-image-82\" srcset=\"https:\/\/www.frehel.org\/sejourslinguistiques\/wp-content\/uploads\/2025\/03\/gite-sejouir-frehel.jpg 1024w, https:\/\/www.frehel.org\/sejourslinguistiques\/wp-content\/uploads\/2025\/03\/gite-sejouir-frehel-300x225.jpg 300w, https:\/\/www.frehel.org\/sejourslinguistiques\/wp-content\/uploads\/2025\/03\/gite-sejouir-frehel-768x576.jpg 768w\" sizes=\"auto, (max-width: 1024px) 100vw, 1024px\" \/><\/figure>\n\n\n\n<figure class=\"wp-block-image size-large\"><img loading=\"lazy\" decoding=\"async\" width=\"1024\" height=\"768\" src=\"https:\/\/www.frehel.org\/sejourslinguistiques\/wp-content\/uploads\/2025\/03\/gite-frehel-salon.jpg\" alt=\"\" class=\"wp-image-81\" srcset=\"https:\/\/www.frehel.org\/sejourslinguistiques\/wp-content\/uploads\/2025\/03\/gite-frehel-salon.jpg 1024w, https:\/\/www.frehel.org\/sejourslinguistiques\/wp-content\/uploads\/2025\/03\/gite-frehel-salon-300x225.jpg 300w, https:\/\/www.frehel.org\/sejourslinguistiques\/wp-content\/uploads\/2025\/03\/gite-frehel-salon-768x576.jpg 768w\" sizes=\"auto, (max-width: 1024px) 100vw, 1024px\" \/><\/figure>\n\n\n\n<figure class=\"wp-block-image size-large\"><img loading=\"lazy\" decoding=\"async\" width=\"1024\" height=\"768\" src=\"https:\/\/www.frehel.org\/sejourslinguistiques\/wp-content\/uploads\/2025\/03\/gite-sejours-linguistiques.jpg\" alt=\"\" class=\"wp-image-84\" srcset=\"https:\/\/www.frehel.org\/sejourslinguistiques\/wp-content\/uploads\/2025\/03\/gite-sejours-linguistiques.jpg 1024w, https:\/\/www.frehel.org\/sejourslinguistiques\/wp-content\/uploads\/2025\/03\/gite-sejours-linguistiques-300x225.jpg 300w, https:\/\/www.frehel.org\/sejourslinguistiques\/wp-content\/uploads\/2025\/03\/gite-sejours-linguistiques-768x576.jpg 768w\" sizes=\"auto, (max-width: 1024px) 100vw, 1024px\" \/><\/figure>\n\n\n\n<figure class=\"wp-block-image size-large\"><img loading=\"lazy\" decoding=\"async\" width=\"1024\" height=\"768\" src=\"https:\/\/www.frehel.org\/sejourslinguistiques\/wp-content\/uploads\/2025\/03\/sejours-frehel-residence.jpg\" alt=\"le g\u00eete est \u00e9quip\u00e9 de mat\u00e9riel sono professionnel\" class=\"wp-image-85\" srcset=\"https:\/\/www.frehel.org\/sejourslinguistiques\/wp-content\/uploads\/2025\/03\/sejours-frehel-residence.jpg 1024w, https:\/\/www.frehel.org\/sejourslinguistiques\/wp-content\/uploads\/2025\/03\/sejours-frehel-residence-300x225.jpg 300w, https:\/\/www.frehel.org\/sejourslinguistiques\/wp-content\/uploads\/2025\/03\/sejours-frehel-residence-768x576.jpg 768w\" sizes=\"auto, (max-width: 1024px) 100vw, 1024px\" \/><\/figure>\n\n\n\n<figure class=\"wp-block-image size-large\"><img loading=\"lazy\" decoding=\"async\" width=\"1024\" height=\"768\" src=\"https:\/\/www.frehel.org\/sejourslinguistiques\/wp-content\/uploads\/2025\/03\/exterieurs-du-gite-6-1024x768-1.jpg\" alt=\"espaces ext\u00e9rieurs du g\u00eete\" class=\"wp-image-80\" srcset=\"https:\/\/www.frehel.org\/sejourslinguistiques\/wp-content\/uploads\/2025\/03\/exterieurs-du-gite-6-1024x768-1.jpg 1024w, https:\/\/www.frehel.org\/sejourslinguistiques\/wp-content\/uploads\/2025\/03\/exterieurs-du-gite-6-1024x768-1-300x225.jpg 300w, https:\/\/www.frehel.org\/sejourslinguistiques\/wp-content\/uploads\/2025\/03\/exterieurs-du-gite-6-1024x768-1-768x576.jpg 768w\" sizes=\"auto, (max-width: 1024px) 100vw, 1024px\" \/><\/figure>\n\n\n\n<figure class=\"wp-block-image size-large\"><img loading=\"lazy\" decoding=\"async\" width=\"1024\" height=\"768\" src=\"https:\/\/www.frehel.org\/sejourslinguistiques\/wp-content\/uploads\/2025\/03\/exterieurs-du-gite-1-1024x768-1.jpg\" alt=\"\" class=\"wp-image-78\" srcset=\"https:\/\/www.frehel.org\/sejourslinguistiques\/wp-content\/uploads\/2025\/03\/exterieurs-du-gite-1-1024x768-1.jpg 1024w, https:\/\/www.frehel.org\/sejourslinguistiques\/wp-content\/uploads\/2025\/03\/exterieurs-du-gite-1-1024x768-1-300x225.jpg 300w, https:\/\/www.frehel.org\/sejourslinguistiques\/wp-content\/uploads\/2025\/03\/exterieurs-du-gite-1-1024x768-1-768x576.jpg 768w\" sizes=\"auto, (max-width: 1024px) 100vw, 1024px\" \/><\/figure>\n\n\n\n<figure class=\"wp-block-image size-large\"><img loading=\"lazy\" decoding=\"async\" width=\"1024\" height=\"768\" src=\"https:\/\/www.frehel.org\/sejourslinguistiques\/wp-content\/uploads\/2025\/03\/exterieurs-du-gite-5-1024x768-1.jpg\" alt=\"\" class=\"wp-image-79\" srcset=\"https:\/\/www.frehel.org\/sejourslinguistiques\/wp-content\/uploads\/2025\/03\/exterieurs-du-gite-5-1024x768-1.jpg 1024w, https:\/\/www.frehel.org\/sejourslinguistiques\/wp-content\/uploads\/2025\/03\/exterieurs-du-gite-5-1024x768-1-300x225.jpg 300w, https:\/\/www.frehel.org\/sejourslinguistiques\/wp-content\/uploads\/2025\/03\/exterieurs-du-gite-5-1024x768-1-768x576.jpg 768w\" sizes=\"auto, (max-width: 1024px) 100vw, 1024px\" \/><\/figure>\n","protected":false},"excerpt":{"rendered":"","protected":false},"author":1,"featured_media":0,"parent":0,"menu_order":0,"comment_status":"closed","ping_status":"closed","template":"","meta":{"footnotes":""},"class_list":["post-486","page","type-page","status-publish"],"yoast_head":"<!-- This site is optimized with the Yoast SEO plugin v25.8 - https:\/\/yoast.com\/wordpress\/plugins\/seo\/ -->\n<title>vacation rental for immersive journey in France : photo gallery - Chez-Vlot Frans<\/title>\n<meta name=\"robots\" content=\"index, follow, max-snippet:-1, max-image-preview:large, max-video-preview:-1\" \/>\n<link rel=\"canonical\" href=\"https:\/\/www.frehel.org\/sejourslinguistiques\/vacation-rental-immersive-journey-france\/\" \/>\n<meta property=\"og:locale\" content=\"fr_FR\" \/>\n<meta property=\"og:type\" content=\"article\" \/>\n<meta property=\"og:title\" content=\"vacation rental for immersive journey in France : photo gallery - Chez-Vlot Frans\" \/>\n<meta property=\"og:url\" content=\"https:\/\/www.frehel.org\/sejourslinguistiques\/vacation-rental-immersive-journey-france\/\" \/>\n<meta property=\"og:site_name\" content=\"Chez-Vlot Frans\" \/>\n<meta property=\"article:modified_time\" content=\"2025-04-19T13:19:09+00:00\" \/>\n<meta property=\"og:image\" content=\"https:\/\/www.frehel.org\/sejourslinguistiques\/wp-content\/uploads\/2025\/03\/gite-sejours-linguisitiques-salon.jpg\" \/>\n\t<meta property=\"og:image:width\" content=\"1024\" \/>\n\t<meta property=\"og:image:height\" content=\"768\" \/>\n\t<meta property=\"og:image:type\" content=\"image\/jpeg\" \/>\n<meta name=\"twitter:card\" content=\"summary_large_image\" \/>\n<script type=\"application\/ld+json\" class=\"yoast-schema-graph\">{\"@context\":\"https:\/\/schema.org\",\"@graph\":[{\"@type\":\"WebPage\",\"@id\":\"https:\/\/www.frehel.org\/sejourslinguistiques\/vacation-rental-immersive-journey-france\/\",\"url\":\"https:\/\/www.frehel.org\/sejourslinguistiques\/vacation-rental-immersive-journey-france\/\",\"name\":\"vacation rental for immersive journey in France : photo gallery - Chez-Vlot Frans\",\"isPartOf\":{\"@id\":\"https:\/\/www.frehel.org\/sejourslinguistiques\/#website\"},\"primaryImageOfPage\":{\"@id\":\"https:\/\/www.frehel.org\/sejourslinguistiques\/vacation-rental-immersive-journey-france\/#primaryimage\"},\"image\":{\"@id\":\"https:\/\/www.frehel.org\/sejourslinguistiques\/vacation-rental-immersive-journey-france\/#primaryimage\"},\"thumbnailUrl\":\"https:\/\/www.frehel.org\/sejourslinguistiques\/wp-content\/uploads\/2025\/03\/gite-sejours-linguisitiques-salon.jpg\",\"datePublished\":\"2025-04-19T13:12:36+00:00\",\"dateModified\":\"2025-04-19T13:19:09+00:00\",\"breadcrumb\":{\"@id\":\"https:\/\/www.frehel.org\/sejourslinguistiques\/vacation-rental-immersive-journey-france\/#breadcrumb\"},\"inLanguage\":\"fr-FR\",\"potentialAction\":[{\"@type\":\"ReadAction\",\"target\":[\"https:\/\/www.frehel.org\/sejourslinguistiques\/vacation-rental-immersive-journey-france\/\"]}]},{\"@type\":\"ImageObject\",\"inLanguage\":\"fr-FR\",\"@id\":\"https:\/\/www.frehel.org\/sejourslinguistiques\/vacation-rental-immersive-journey-france\/#primaryimage\",\"url\":\"https:\/\/www.frehel.org\/sejourslinguistiques\/wp-content\/uploads\/2025\/03\/gite-sejours-linguisitiques-salon.jpg\",\"contentUrl\":\"https:\/\/www.frehel.org\/sejourslinguistiques\/wp-content\/uploads\/2025\/03\/gite-sejours-linguisitiques-salon.jpg\",\"width\":1024,\"height\":768,\"caption\":\"cuisine \u00e9quip\u00e9e pour les stages linguistiques\"},{\"@type\":\"BreadcrumbList\",\"@id\":\"https:\/\/www.frehel.org\/sejourslinguistiques\/vacation-rental-immersive-journey-france\/#breadcrumb\",\"itemListElement\":[{\"@type\":\"ListItem\",\"position\":1,\"name\":\"Accueil\",\"item\":\"https:\/\/www.frehel.org\/sejourslinguistiques\/\"},{\"@type\":\"ListItem\",\"position\":2,\"name\":\"vacation rental for immersive journey in France : photo gallery\"}]},{\"@type\":\"WebSite\",\"@id\":\"https:\/\/www.frehel.org\/sejourslinguistiques\/#website\",\"url\":\"https:\/\/www.frehel.org\/sejourslinguistiques\/\",\"name\":\"Chez-Vlot Frans\",\"description\":\"S\u00e9jours linguistiques immersifs en Bretagne\",\"potentialAction\":[{\"@type\":\"SearchAction\",\"target\":{\"@type\":\"EntryPoint\",\"urlTemplate\":\"https:\/\/www.frehel.org\/sejourslinguistiques\/?s={search_term_string}\"},\"query-input\":{\"@type\":\"PropertyValueSpecification\",\"valueRequired\":true,\"valueName\":\"search_term_string\"}}],\"inLanguage\":\"fr-FR\"}]}<\/script>\n<!-- \/ Yoast SEO plugin. -->","yoast_head_json":{"title":"vacation rental for immersive journey in France : photo gallery - Chez-Vlot Frans","robots":{"index":"index","follow":"follow","max-snippet":"max-snippet:-1","max-image-preview":"max-image-preview:large","max-video-preview":"max-video-preview:-1"},"canonical":"https:\/\/www.frehel.org\/sejourslinguistiques\/vacation-rental-immersive-journey-france\/","og_locale":"fr_FR","og_type":"article","og_title":"vacation rental for immersive journey in France : photo gallery - Chez-Vlot Frans","og_url":"https:\/\/www.frehel.org\/sejourslinguistiques\/vacation-rental-immersive-journey-france\/","og_site_name":"Chez-Vlot Frans","article_modified_time":"2025-04-19T13:19:09+00:00","og_image":[{"width":1024,"height":768,"url":"https:\/\/www.frehel.org\/sejourslinguistiques\/wp-content\/uploads\/2025\/03\/gite-sejours-linguisitiques-salon.jpg","type":"image\/jpeg"}],"twitter_card":"summary_large_image","schema":{"@context":"https:\/\/schema.org","@graph":[{"@type":"WebPage","@id":"https:\/\/www.frehel.org\/sejourslinguistiques\/vacation-rental-immersive-journey-france\/","url":"https:\/\/www.frehel.org\/sejourslinguistiques\/vacation-rental-immersive-journey-france\/","name":"vacation rental for immersive journey in France : photo gallery - Chez-Vlot Frans","isPartOf":{"@id":"https:\/\/www.frehel.org\/sejourslinguistiques\/#website"},"primaryImageOfPage":{"@id":"https:\/\/www.frehel.org\/sejourslinguistiques\/vacation-rental-immersive-journey-france\/#primaryimage"},"image":{"@id":"https:\/\/www.frehel.org\/sejourslinguistiques\/vacation-rental-immersive-journey-france\/#primaryimage"},"thumbnailUrl":"https:\/\/www.frehel.org\/sejourslinguistiques\/wp-content\/uploads\/2025\/03\/gite-sejours-linguisitiques-salon.jpg","datePublished":"2025-04-19T13:12:36+00:00","dateModified":"2025-04-19T13:19:09+00:00","breadcrumb":{"@id":"https:\/\/www.frehel.org\/sejourslinguistiques\/vacation-rental-immersive-journey-france\/#breadcrumb"},"inLanguage":"fr-FR","potentialAction":[{"@type":"ReadAction","target":["https:\/\/www.frehel.org\/sejourslinguistiques\/vacation-rental-immersive-journey-france\/"]}]},{"@type":"ImageObject","inLanguage":"fr-FR","@id":"https:\/\/www.frehel.org\/sejourslinguistiques\/vacation-rental-immersive-journey-france\/#primaryimage","url":"https:\/\/www.frehel.org\/sejourslinguistiques\/wp-content\/uploads\/2025\/03\/gite-sejours-linguisitiques-salon.jpg","contentUrl":"https:\/\/www.frehel.org\/sejourslinguistiques\/wp-content\/uploads\/2025\/03\/gite-sejours-linguisitiques-salon.jpg","width":1024,"height":768,"caption":"cuisine \u00e9quip\u00e9e pour les stages linguistiques"},{"@type":"BreadcrumbList","@id":"https:\/\/www.frehel.org\/sejourslinguistiques\/vacation-rental-immersive-journey-france\/#breadcrumb","itemListElement":[{"@type":"ListItem","position":1,"name":"Accueil","item":"https:\/\/www.frehel.org\/sejourslinguistiques\/"},{"@type":"ListItem","position":2,"name":"vacation rental for immersive journey in France : photo gallery"}]},{"@type":"WebSite","@id":"https:\/\/www.frehel.org\/sejourslinguistiques\/#website","url":"https:\/\/www.frehel.org\/sejourslinguistiques\/","name":"Chez-Vlot Frans","description":"S\u00e9jours linguistiques immersifs en Bretagne","potentialAction":[{"@type":"SearchAction","target":{"@type":"EntryPoint","urlTemplate":"https:\/\/www.frehel.org\/sejourslinguistiques\/?s={search_term_string}"},"query-input":{"@type":"PropertyValueSpecification","valueRequired":true,"valueName":"search_term_string"}}],"inLanguage":"fr-FR"}]}},"_links":{"self":[{"href":"https:\/\/www.frehel.org\/sejourslinguistiques\/wp-json\/wp\/v2\/pages\/486","targetHints":{"allow":["GET"]}}],"collection":[{"href":"https:\/\/www.frehel.org\/sejourslinguistiques\/wp-json\/wp\/v2\/pages"}],"about":[{"href":"https:\/\/www.frehel.org\/sejourslinguistiques\/wp-json\/wp\/v2\/types\/page"}],"author":[{"embeddable":true,"href":"https:\/\/www.frehel.org\/sejourslinguistiques\/wp-json\/wp\/v2\/users\/1"}],"replies":[{"embeddable":true,"href":"https:\/\/www.frehel.org\/sejourslinguistiques\/wp-json\/wp\/v2\/comments?post=486"}],"version-history":[{"count":3,"href":"https:\/\/www.frehel.org\/sejourslinguistiques\/wp-json\/wp\/v2\/pages\/486\/revisions"}],"predecessor-version":[{"id":490,"href":"https:\/\/www.frehel.org\/sejourslinguistiques\/wp-json\/wp\/v2\/pages\/486\/revisions\/490"}],"wp:attachment":[{"href":"https:\/\/www.frehel.org\/sejourslinguistiques\/wp-json\/wp\/v2\/media?parent=486"}],"curies":[{"name":"wp","href":"https:\/\/api.w.org\/{rel}","templated":true}]}}