{"id":866,"date":"2022-12-21T09:05:23","date_gmt":"2022-12-21T09:05:23","guid":{"rendered":"https:\/\/frehel.org\/?page_id=866"},"modified":"2023-01-05T12:25:07","modified_gmt":"2023-01-05T12:25:07","slug":"materiel-mis-a-disposition","status":"publish","type":"page","link":"https:\/\/frehel.org\/residence\/materiel-mis-a-disposition","title":{"rendered":"Mat\u00e9riel mis \u00e0 disposition"},"content":{"rendered":"\n<div class=\"wp-block-columns is-layout-flex wp-container-core-columns-is-layout-1 wp-block-columns-is-layout-flex\">\n<div class=\"wp-block-column is-layout-flow wp-block-column-is-layout-flow\" style=\"flex-basis:25%\">\n\n\n\n\n<h1 class=\"wp-block-heading\">R\u00e9sidence<\/h1>\n\n\n\n<h2 class=\"wp-block-heading\">Infos pratiques<\/h2>\n\n\n\n<div style=\"height:50px\" aria-hidden=\"true\" class=\"wp-block-spacer\"><\/div>\n\n\n\n\n\n\n<div class=\"gb-button-wrapper gb-button-wrapper-812a72d5\">\n\n<a class=\"gb-button gb-button-fd23a051 gb-button-text\" href=\"https:\/\/frehel.org\/residence\/formulaire-residence\">Formulaire candidature<\/a>\n\n\n\n<a class=\"gb-button gb-button-7047ba53 gb-button-text\" href=\"https:\/\/frehel.org\/residence\/tarif-des-sejours-en-residence\">Tarifs de la r\u00e9sidence<\/a>\n\n\n\n<a class=\"gb-button gb-button-40135b68 gb-button-text\" href=\"https:\/\/frehel.org\/residence\/materiel-mis-a-disposition\">Mat\u00e9riel \u00e0 disposition<\/a>\n\n\n\n<a class=\"gb-button gb-button-9e3a982d gb-button-text\" href=\"https:\/\/frehel.org\/residence\/production-video\">Production Vid\u00e9o<\/a>\n\n<\/div><\/div>\n\n\n\n<div class=\"wp-block-column is-layout-flow wp-block-column-is-layout-flow\" style=\"flex-basis:75%\">\n<h1 class=\"wp-block-heading\">Mat\u00e9riel mis \u00e0 disposition<\/h1>\n\n\n\n<p><\/p>\n\n\n\n<h3 class=\"has-medium-font-size wp-block-heading\"><mark style=\"background-color:rgba(0, 0, 0, 0)\" class=\"has-inline-color has-accent-color\">Instruments<\/mark> <\/h3>\n\n\n\n<p class=\"has-medium-font-size\"><em>(liste en cours de cr\u00e9ation)<\/em><\/p>\n\n\n\n<h3 class=\"has-medium-font-size wp-block-heading\"><mark style=\"background-color:rgba(0, 0, 0, 0)\" class=\"has-inline-color has-accent-color\">Technique son<\/mark> <\/h3>\n\n\n\n<p class=\"has-medium-font-size\"><em>(liste en cours de cr\u00e9ation)<\/em><\/p>\n\n\n\n<h3 class=\"has-medium-font-size wp-block-heading\">Le soucis du d\u00e9tail.<\/h3>\n\n\n\n<p>Pendant toute la dur\u00e9e de votre r\u00e9sidence nous somme r\u00e9actifs et pouvons subvenir \u00e0 des besoins auxquels vous n&rsquo;auriez pas pens\u00e9 avant votre arriv\u00e9e : compl\u00e9ment de mat\u00e9riel technique, portages de repas, missions diverses li\u00e9es \u00e0 nos comp\u00e9tences afin de vous faire gagner du temps. <\/p>\n\n\n\n<p>Ces diff\u00e9rents services constituent des suppl\u00e9ments du devis initial et sont factur\u00e9s en sortie de r\u00e9sidence. Si vous avez opt\u00e9 pour un concert priv\u00e9, ces frais seront pr\u00e9lev\u00e9s sur les b\u00e9n\u00e9fices li\u00e9s aux recettes spectateurs, et clairement d\u00e9taill\u00e9s par \u00e9crit.<\/p>\n<\/div>\n<\/div>\n\n\n\n<p><\/p>\n\n\n\n<p><\/p>\n","protected":false},"excerpt":{"rendered":"<p>R\u00e9sidence Infos pratiques Mat\u00e9riel mis \u00e0 disposition Instruments (liste en cours de cr\u00e9ation) Technique son (liste en cours de cr\u00e9ation) Le soucis du d\u00e9tail. Pendant toute la dur\u00e9e de votre r\u00e9sidence nous somme r\u00e9actifs et pouvons subvenir \u00e0 des besoins auxquels vous n&rsquo;auriez pas pens\u00e9 avant votre arriv\u00e9e : compl\u00e9ment de mat\u00e9riel technique, portages de &#8230; <a title=\"Mat\u00e9riel mis \u00e0 disposition\" class=\"read-more\" href=\"https:\/\/frehel.org\/residence\/materiel-mis-a-disposition\" aria-label=\"En savoir plus sur Mat\u00e9riel mis \u00e0 disposition\">Lire la suite<\/a><\/p>\n","protected":false},"author":1,"featured_media":0,"parent":4,"menu_order":0,"comment_status":"closed","ping_status":"closed","template":"","meta":{"footnotes":""},"class_list":["post-866","page","type-page","status-publish"],"_links":{"self":[{"href":"https:\/\/frehel.org\/wp-json\/wp\/v2\/pages\/866","targetHints":{"allow":["GET"]}}],"collection":[{"href":"https:\/\/frehel.org\/wp-json\/wp\/v2\/pages"}],"about":[{"href":"https:\/\/frehel.org\/wp-json\/wp\/v2\/types\/page"}],"author":[{"embeddable":true,"href":"https:\/\/frehel.org\/wp-json\/wp\/v2\/users\/1"}],"replies":[{"embeddable":true,"href":"https:\/\/frehel.org\/wp-json\/wp\/v2\/comments?post=866"}],"version-history":[{"count":10,"href":"https:\/\/frehel.org\/wp-json\/wp\/v2\/pages\/866\/revisions"}],"predecessor-version":[{"id":948,"href":"https:\/\/frehel.org\/wp-json\/wp\/v2\/pages\/866\/revisions\/948"}],"up":[{"embeddable":true,"href":"https:\/\/frehel.org\/wp-json\/wp\/v2\/pages\/4"}],"wp:attachment":[{"href":"https:\/\/frehel.org\/wp-json\/wp\/v2\/media?parent=866"}],"curies":[{"name":"wp","href":"https:\/\/api.w.org\/{rel}","templated":true}]}}