{"id":833,"date":"2022-12-19T17:15:18","date_gmt":"2022-12-19T17:15:18","guid":{"rendered":"https:\/\/frehel.org\/?page_id=833"},"modified":"2022-12-22T11:15:35","modified_gmt":"2022-12-22T11:15:35","slug":"tarif-des-sejours-en-residence","status":"publish","type":"page","link":"https:\/\/frehel.org\/residence\/tarif-des-sejours-en-residence","title":{"rendered":"Tarif des s\u00e9jours en r\u00e9sidence"},"content":{"rendered":"\n<div class=\"wp-block-columns is-layout-flex wp-container-core-columns-is-layout-1 wp-block-columns-is-layout-flex\">\n<div class=\"wp-block-column is-layout-flow wp-block-column-is-layout-flow\" style=\"flex-basis:25%\">\n\n\n\n\n<h1 class=\"wp-block-heading\">R\u00e9sidence<\/h1>\n\n\n\n<h2 class=\"wp-block-heading\">Infos pratiques<\/h2>\n\n\n\n<div style=\"height:50px\" aria-hidden=\"true\" class=\"wp-block-spacer\"><\/div>\n\n\n\n\n\n\n<div class=\"gb-button-wrapper gb-button-wrapper-812a72d5\">\n\n<a class=\"gb-button gb-button-fd23a051 gb-button-text\" href=\"https:\/\/frehel.org\/residence\/formulaire-residence\">Formulaire candidature<\/a>\n\n\n\n<a class=\"gb-button gb-button-7047ba53 gb-button-text\" href=\"https:\/\/frehel.org\/residence\/tarif-des-sejours-en-residence\">Tarifs de la r\u00e9sidence<\/a>\n\n\n\n<a class=\"gb-button gb-button-40135b68 gb-button-text\" href=\"https:\/\/frehel.org\/residence\/materiel-mis-a-disposition\">Mat\u00e9riel \u00e0 disposition<\/a>\n\n\n\n<a class=\"gb-button gb-button-9e3a982d gb-button-text\" href=\"https:\/\/frehel.org\/residence\/production-video\">Production Vid\u00e9o<\/a>\n\n<\/div><\/div>\n\n\n\n<div class=\"wp-block-column is-layout-flow wp-block-column-is-layout-flow\" style=\"flex-basis:75%\">\n<h1 class=\"wp-block-heading\">Tarif des s\u00e9jours<\/h1>\n\n\n\n<p><\/p>\n\n\n\n<p>Nous vous rappelons que l&rsquo;acceptation en r\u00e9sidences est soumise \u00e0 certaines conditions in-d\u00e9tachables. (type de formation, nombre de personnes et style), de fa\u00e7on \u00e0 rester dans la ligne musicale propre au lieu. Informations requises \u00e0 nous transmettre via le<a href=\"https:\/\/frehel.org\/residence\/formulaire-residence\" data-type=\"URL\" data-id=\"https:\/\/frehel.org\/residence\/formulaire-residence\"> formulaire<\/a><\/p>\n\n\n\n<p>Les tarifs ci dessous s&rsquo;entendent toutes taxes comprises TTC.<\/p>\n\n\n\n<p>Les entr\u00e9es en r\u00e9sidence se font en dehors du calendrier des vacances scolaires. Une majoration de 25% est appliqu\u00e9e pendant les p\u00e9riodes de vacances scolaires hors saison estivale et d&rsquo;une majoration de 50% durant la saison estivale (juillet\/ao\u00fbt)<\/p>\n\n\n\n<p>L&rsquo;heure d\u2019entr\u00e9e en r\u00e9sidence s\u2019effectue de 16 \u00e0 18h. Les lieux doivent \u00eatre lib\u00e9r\u00e9 le jour du d\u00e9part entre 10h et 12h (am\u00e9nagements possible).<\/p>\n\n\n\n<p>Le SPA n&rsquo;est pas disponible de la fin des vacances d&rsquo;automne au 1er juin.<\/p>\n\n\n\n<p>Dur\u00e9e minimum des r\u00e9sidences 3 jours<\/p>\n\n\n\n<p>Tarif par jour de r\u00e9sidence ____\u20ac TTC<\/p>\n\n\n\n<p>Tarif journalier pour une semaine de r\u00e9sidence (7 jours), ____\u20ac TTC au lieu de ____\u20ac. Soit ____\u20ac au lieu de ____\u20ac TTC\/SEMAINE<\/p>\n\n\n\n<p>Tarif pour la pr\u00e9sence d&rsquo;un ing\u00e9nieur du son partenaire de la r\u00e9sidence &lsquo;<strong>Studios Te\u00f1vel<\/strong>&lsquo; (journ\u00e9e compl\u00e8te) 420\u20acTTC<\/p>\n\n\n\n<p>Si votre r\u00e9sidence n\u00e9cessite des \u00e9quipements suppl\u00e9mentaires non pr\u00e9sents dans les \u00e9quipements mis \u00e0 disposition, veuillez nous adresser votre fiche technique que nous transmettrons \u00e0 notre partenaire <a rel=\"noreferrer noopener\" href=\"https:\/\/www.frehel-sono.fr\/\" data-type=\"URL\" data-id=\"https:\/\/www.frehel-sono.fr\/\" target=\"_blank\">Fr\u00e9hel sonorisation<\/a> afin de vous \u00e9tablir un devis  (r\u00e9ponse rapide)<\/p>\n\n\n\n<p class=\"has-medium-font-size\"><span style=\"text-decoration: underline\" class=\"underline\">Nous travaillons en partenariat avec des \u00e9quipes de professionnels &lsquo;son et image&rsquo; et sommes capable de r\u00e9pondre \u00e0 la plupart des cahiers des charges.<\/span><\/p>\n<\/div>\n<\/div>\n\n\n\n<p><\/p>\n","protected":false},"excerpt":{"rendered":"<p>R\u00e9sidence Infos pratiques Tarif des s\u00e9jours Nous vous rappelons que l&rsquo;acceptation en r\u00e9sidences est soumise \u00e0 certaines conditions in-d\u00e9tachables. (type de formation, nombre de personnes et style), de fa\u00e7on \u00e0 rester dans la ligne musicale propre au lieu. Informations requises \u00e0 nous transmettre via le formulaire Les tarifs ci dessous s&rsquo;entendent toutes taxes comprises TTC. &#8230; <a title=\"Tarif des s\u00e9jours en r\u00e9sidence\" class=\"read-more\" href=\"https:\/\/frehel.org\/residence\/tarif-des-sejours-en-residence\" aria-label=\"En savoir plus sur Tarif des s\u00e9jours en r\u00e9sidence\">Lire la suite<\/a><\/p>\n","protected":false},"author":1,"featured_media":0,"parent":4,"menu_order":0,"comment_status":"closed","ping_status":"closed","template":"","meta":{"footnotes":""},"class_list":["post-833","page","type-page","status-publish"],"_links":{"self":[{"href":"https:\/\/frehel.org\/wp-json\/wp\/v2\/pages\/833","targetHints":{"allow":["GET"]}}],"collection":[{"href":"https:\/\/frehel.org\/wp-json\/wp\/v2\/pages"}],"about":[{"href":"https:\/\/frehel.org\/wp-json\/wp\/v2\/types\/page"}],"author":[{"embeddable":true,"href":"https:\/\/frehel.org\/wp-json\/wp\/v2\/users\/1"}],"replies":[{"embeddable":true,"href":"https:\/\/frehel.org\/wp-json\/wp\/v2\/comments?post=833"}],"version-history":[{"count":11,"href":"https:\/\/frehel.org\/wp-json\/wp\/v2\/pages\/833\/revisions"}],"predecessor-version":[{"id":924,"href":"https:\/\/frehel.org\/wp-json\/wp\/v2\/pages\/833\/revisions\/924"}],"up":[{"embeddable":true,"href":"https:\/\/frehel.org\/wp-json\/wp\/v2\/pages\/4"}],"wp:attachment":[{"href":"https:\/\/frehel.org\/wp-json\/wp\/v2\/media?parent=833"}],"curies":[{"name":"wp","href":"https:\/\/api.w.org\/{rel}","templated":true}]}}